
        {"id":11520,"date":"2018-05-05T07:57:22","date_gmt":"2018-05-05T07:57:22","guid":{"rendered":"http:\/\/arkigreen.eus\/servicios\/rehabilitacion-de-edificios\/"},"modified":"2019-02-22T17:32:34","modified_gmt":"2019-02-22T17:32:34","slug":"rehabilitacion-de-edificios","status":"publish","type":"page","link":"https:\/\/arkigreen.eus\/es\/servicios\/rehabilitacion-de-edificios\/","title":{"rendered":"Rehabilitaci\u00f3n de edificios"},"content":{"rendered":"<div class=\"wpb-content-wrapper\"><p>[vc_row css=\u00bb.vc_custom_1523084847232{margin-top: 0px !important;margin-bottom: 0px !important;padding-top: 0px !important;padding-bottom: 40px !important;}\u00bb][vc_column width=\u00bb1\/2&#8243;][vc_single_image image=\u00bb12126&#8243; img_size=\u00bbfull\u00bb alignment=\u00bbcenter\u00bb][\/vc_column][vc_column width=\u00bb1\/2&#8243;]<div id=\"ultimate-heading-992069f3e288c2821\" class=\"uvc-heading ult-adjust-bottom-margin ultimate-heading-992069f3e288c2821 uvc-3368 \" data-hspacer=\"no_spacer\"  data-halign=\"left\" style=\"text-align:left\"><div class=\"uvc-heading-spacer no_spacer\" style=\"top\"><\/div><div class=\"uvc-main-heading ult-responsive\"  data-ultimate-target='.uvc-heading.ultimate-heading-992069f3e288c2821 h1'  data-responsive-json-new='{\"font-size\":\"desktop:35px;\",\"line-height\":\"desktop:45px;\"}' ><h1 style=\"font-weight:normal;margin-bottom:25px;\">Rehabilitaci\u00f3n de edificios<\/h1><\/div><\/div>[vc_column_text el_class=\u00bbparrafoa\u00bb]Los edificios, del mismo modo que los veh\u00edculos, los electrodom\u00e9sticos o nosotros mismos, requieren cierto mantenimiento. Es importante conservar correctamente nuestras casas, realizando las reformas o arreglos necesarios en fachadas, tejados y dem\u00e1s instalaciones.<\/p>\n<p>Adem\u00e1s, hoy en d\u00eda, estos trabajos de mantenimiento posibilitan favorecer la accesibilidad a diversos espacios y recorridos, as\u00ed como mejorar la envolvente del edificio incrementando su eficiencia energ\u00e9tica mediante el uso de aislamientos.[\/vc_column_text][vc_row_inner][vc_column_inner width=\u00bb1\/2&#8243;][vc_btn title=\u00bbCons\u00faltanos\u00bb style=\u00bbcustom\u00bb custom_background=\u00bb#a4c137&#8243; custom_text=\u00bb#21222a\u00bb shape=\u00bbsquare\u00bb align=\u00bbleft\u00bb i_type=\u00bbtypicons\u00bb i_icon_typicons=\u00bbtypcn typcn-messages\u00bb add_icon=\u00bbtrue\u00bb link=\u00bburl:https%3A%2F%2Farkigreen.eus%2Fes%2Fcontacto-y-localizacion%2F|\u00bb css=\u00bb.vc_custom_1523092755540{margin-top: 0px !important;margin-bottom: 0px !important;padding-top: 0px !important;padding-bottom: 0px !important;}\u00bb][\/vc_column_inner][vc_column_inner width=\u00bb1\/2&#8243;][vc_btn title=\u00bbOtros servicios\u00bb style=\u00bbcustom\u00bb custom_background=\u00bb\u00bb custom_text=\u00bb#21222a\u00bb shape=\u00bbsquare\u00bb align=\u00bbleft\u00bb i_type=\u00bbtypicons\u00bb i_icon_typicons=\u00bbtypcn typcn-arrow-back\u00bb add_icon=\u00bbtrue\u00bb link=\u00bburl:https%3A%2F%2Farkigreen.eus%2Fes%2Fservicios%2F|\u00bb css=\u00bb.vc_custom_1523091198911{margin-top: 0px !important;margin-bottom: 0px !important;padding-top: 0px !important;padding-bottom: 0px !important;}\u00bb][\/vc_column_inner][\/vc_row_inner][\/vc_column][\/vc_row][vc_row css=\u00bb.vc_custom_1523084679092{margin-top: 0px !important;margin-bottom: 0px !important;padding-top: 0px !important;padding-bottom: 30px !important;}\u00bb][vc_column width=\u00bb1\/4&#8243;]<div id=\"ultimate-heading-541369f3e288c28d4\" class=\"uvc-heading ult-adjust-bottom-margin ultimate-heading-541369f3e288c28d4 uvc-9254 \" data-hspacer=\"no_spacer\"  data-halign=\"left\" style=\"text-align:left\"><div class=\"uvc-heading-spacer no_spacer\" style=\"top\"><\/div><div class=\"uvc-main-heading ult-responsive\"  data-ultimate-target='.uvc-heading.ultimate-heading-541369f3e288c28d4 h2'  data-responsive-json-new='{\"font-size\":\"desktop:26px;\",\"line-height\":\"desktop:26px;\"}' ><h2 style=\"font-weight:normal;color:#21222a;\">Trabajos realizados<\/h2><\/div><\/div>[\/vc_column][vc_column width=\u00bb3\/4&#8243;][vc_separator color=\u00bbcustom\u00bb align=\u00bbalign_left\u00bb border_width=\u00bb2&#8243; css=\u00bb.vc_custom_1488988022409{margin-top: 0px !important;margin-bottom: 0px !important;padding-top: 10px !important;padding-bottom: 0px !important;}\u00bb accent_color=\u00bb#a4c137&#8243;][\/vc_column][\/vc_row][vc_row css=\u00bb.vc_custom_1523090772077{margin-top: 0px !important;margin-bottom: 0px !important;padding-top: 0px !important;padding-bottom: 0px !important;}\u00bb][vc_column]<div id=\"portfolio_list\" class=\"grid_bg_img col4 \">\r\n\t\t\t\t\t\t<div class=\"row\">\r\n\t\t\t\t\t\t\t<div class=\"isotope_container_wrap\">\r\n\t\t\t\t\t\t\t\t<div class=\"isotope-container\">\r\n\t\t\t\t\t\t<article id=\"portfolio-11581\" class=\"col-sm-3 comunidades  post-11581 portfolio type-portfolio status-publish format-gallery has-post-thumbnail hentry portfolio_category-comunidades\"> \n\t\t<div class=\"portfolio_content_wrapper\">\n\t\t\t<div class=\"portfolio_format_content\">\n\t\t\t\t<div class=\"post_likes\">\n    <span class=\"cstheme_likes buildnow_add_like\" data-postid=\"11581\">\n        <i class=\"fa fa-heart-o\"><\/i>\n        <span class=\"likes_count\">0<\/span>\n    <\/span>\n    <\/div>\n\t\t\t\t\t\t\t\t\t<a href=\"https:\/\/arkigreen.eus\/es\/portfolio\/comunidad-julian-etxeberria\/\"><img decoding=\"async\" src=\"https:\/\/arkigreen.eus\/wp-content\/uploads\/rehabilitacion-fachada-eibar-700x540.jpg\" alt=\"Julian Etxeberria\" \/><\/a>\t\t\t\t\t\t\t<\/div>\n\t\t\t<div class=\"portfolio_descr_wrap\">\n\t\t\t\t<h2 class=\"portfolio_title\"><a href=\"https:\/\/arkigreen.eus\/es\/portfolio\/comunidad-julian-etxeberria\/\" title=\"Permalink to Julian Etxeberria\" rel=\"bookmark\">Julian Etxeberria<\/a><\/h2>\n\t\t\t\t<span class=\"portfolio_meta_category\">Comunidades<\/span>\n\t\t\t<\/div>\n\t\t<\/div><\/article><article id=\"portfolio-11580\" class=\"col-sm-3 comunidades  post-11580 portfolio type-portfolio status-publish format-gallery has-post-thumbnail hentry portfolio_category-comunidades\"> \n\t\t<div class=\"portfolio_content_wrapper\">\n\t\t\t<div class=\"portfolio_format_content\">\n\t\t\t\t<div class=\"post_likes\">\n    <span class=\"cstheme_likes buildnow_add_like\" data-postid=\"11580\">\n        <i class=\"fa fa-heart-o\"><\/i>\n        <span class=\"likes_count\">0<\/span>\n    <\/span>\n    <\/div>\n\t\t\t\t\t\t\t\t\t<a href=\"https:\/\/arkigreen.eus\/es\/portfolio\/comunidad-toribio-etxebarria\/\"><img decoding=\"async\" src=\"https:\/\/arkigreen.eus\/wp-content\/uploads\/reforma-fachada-eibar-700x540.jpg\" alt=\"Toribio Etxebarria\" \/><\/a>\t\t\t\t\t\t\t<\/div>\n\t\t\t<div class=\"portfolio_descr_wrap\">\n\t\t\t\t<h2 class=\"portfolio_title\"><a href=\"https:\/\/arkigreen.eus\/es\/portfolio\/comunidad-toribio-etxebarria\/\" title=\"Permalink to Toribio Etxebarria\" rel=\"bookmark\">Toribio Etxebarria<\/a><\/h2>\n\t\t\t\t<span class=\"portfolio_meta_category\">Comunidades<\/span>\n\t\t\t<\/div>\n\t\t<\/div><\/article><article id=\"portfolio-11478\" class=\"col-sm-3 pisos  post-11478 portfolio type-portfolio status-publish format-gallery has-post-thumbnail hentry portfolio_category-pisos\"> \n\t\t<div class=\"portfolio_content_wrapper\">\n\t\t\t<div class=\"portfolio_format_content\">\n\t\t\t\t<div class=\"post_likes\">\n    <span class=\"cstheme_likes buildnow_add_like\" data-postid=\"11478\">\n        <i class=\"fa fa-heart-o\"><\/i>\n        <span class=\"likes_count\">0<\/span>\n    <\/span>\n    <\/div>\n\t\t\t\t\t\t\t\t\t<a href=\"https:\/\/arkigreen.eus\/es\/portfolio\/piso-urki\/\"><img decoding=\"async\" src=\"https:\/\/arkigreen.eus\/wp-content\/uploads\/rehabilitacion-casa-eibar-700x540.jpg\" alt=\"Urki\" \/><\/a>\t\t\t\t\t\t\t<\/div>\n\t\t\t<div class=\"portfolio_descr_wrap\">\n\t\t\t\t<h2 class=\"portfolio_title\"><a href=\"https:\/\/arkigreen.eus\/es\/portfolio\/piso-urki\/\" title=\"Permalink to Urki\" rel=\"bookmark\">Urki<\/a><\/h2>\n\t\t\t\t<span class=\"portfolio_meta_category\">Pisos<\/span>\n\t\t\t<\/div>\n\t\t<\/div><\/article><article id=\"portfolio-11477\" class=\"col-sm-3 pisos  post-11477 portfolio type-portfolio status-publish format-gallery has-post-thumbnail hentry portfolio_category-pisos\"> \n\t\t<div class=\"portfolio_content_wrapper\">\n\t\t\t<div class=\"portfolio_format_content\">\n\t\t\t\t<div class=\"post_likes\">\n    <span class=\"cstheme_likes buildnow_add_like\" data-postid=\"11477\">\n        <i class=\"fa fa-heart-o\"><\/i>\n        <span class=\"likes_count\">0<\/span>\n    <\/span>\n    <\/div>\n\t\t\t\t\t\t\t\t\t<a href=\"https:\/\/arkigreen.eus\/es\/portfolio\/piso-juan-antonio-moguel\/\"><img decoding=\"async\" src=\"https:\/\/arkigreen.eus\/wp-content\/uploads\/reforma-casa-eibar-700x540.jpg\" alt=\"Juan Antonio Moguel\" \/><\/a>\t\t\t\t\t\t\t<\/div>\n\t\t\t<div class=\"portfolio_descr_wrap\">\n\t\t\t\t<h2 class=\"portfolio_title\"><a href=\"https:\/\/arkigreen.eus\/es\/portfolio\/piso-juan-antonio-moguel\/\" title=\"Permalink to Juan Antonio Moguel\" rel=\"bookmark\">Juan Antonio Moguel<\/a><\/h2>\n\t\t\t\t<span class=\"portfolio_meta_category\">Pisos<\/span>\n\t\t\t<\/div>\n\t\t<\/div><\/article>\r\n\t\t\t\t\t\t\t\t<\/div>\r\n\t\t\t\t\t\t\t<\/div>\r\n\t\t\t\t\t\t<\/div>\r\n\t\t\t\t\t<\/div>[vc_btn title=\u00bbVer m\u00e1s trabajos\u00bb style=\u00bbcustom\u00bb custom_background=\u00bb\u00bb custom_text=\u00bb#21222a\u00bb shape=\u00bbsquare\u00bb align=\u00bbright\u00bb i_type=\u00bbtypicons\u00bb i_icon_typicons=\u00bbtypcn typcn-chevron-right\u00bb css_animation=\u00bbbounceInLeft\u00bb add_icon=\u00bbtrue\u00bb link=\u00bburl:https%3A%2F%2Farkigreen.eus%2Fes%2Ftrabajos-realizados%2F|\u00bb css=\u00bb.vc_custom_1523090954595{margin-top: 0px !important;margin-bottom: 0px !important;padding-top: 0px !important;padding-bottom: 0px !important;}\u00bb][\/vc_column][\/vc_row][vc_row][vc_column]<div class=\"ult-spacer spacer-69f3e288c62ef\" data-id=\"69f3e288c62ef\" data-height=\"50\" data-height-mobile=\"50\" data-height-tab=\"50\" data-height-tab-portrait=\"50\" data-height-mobile-landscape=\"50\" style=\"clear:both;display:block;\"><\/div>[\/vc_column][\/vc_row]<\/p>\n<\/div>","protected":false},"excerpt":{"rendered":"<p>[vc_row css=\u00bb.vc_custom_1523084847232{margin-top: 0px !important;margin-bottom: 0px !important;padding-top: 0px !important;padding-bottom: 40px !important;}\u00bb][vc_column width=\u00bb1\/2&#8243;][vc_single_image image=\u00bb12126&#8243; img_size=\u00bbfull\u00bb alignment=\u00bbcenter\u00bb][\/vc_column][vc_column width=\u00bb1\/2&#8243;][vc_column_text el_class=\u00bbparrafoa\u00bb]Los edificios, del mismo modo que los veh\u00edculos, los electrodom\u00e9sticos o nosotros mismos, requieren cierto mantenimiento. Es importante conservar correctamente nuestras casas, realizando las reformas o arreglos necesarios en fachadas, tejados y dem\u00e1s instalaciones. Adem\u00e1s, hoy en d\u00eda, estos trabajos [&hellip;]<\/p>\n","protected":false},"author":1,"featured_media":0,"parent":11505,"menu_order":3,"comment_status":"closed","ping_status":"closed","template":"","meta":{"footnotes":""},"class_list":["post-11520","page","type-page","status-publish","hentry"],"yoast_head":"<!-- This site is optimized with the Yoast SEO plugin v27.4 - https:\/\/yoast.com\/product\/yoast-seo-wordpress\/ -->\n<title>Rehabilitaci\u00f3n de edificios en Eibar y alrededores - ARKIGREEN<\/title>\n<meta name=\"description\" content=\"Somos un estudio de arquitectura de Eibar que realiza rehabilitaci\u00f3n en edificios de todo tipo, reformando fachadas, cubiertas y la eficiencia de las mismas.\" \/>\n<meta name=\"robots\" content=\"index, follow, max-snippet:-1, max-image-preview:large, max-video-preview:-1\" \/>\n<link rel=\"canonical\" href=\"https:\/\/arkigreen.eus\/es\/servicios\/rehabilitacion-de-edificios\/\" \/>\n<meta property=\"og:locale\" content=\"es_ES\" \/>\n<meta property=\"og:type\" content=\"article\" \/>\n<meta property=\"og:title\" content=\"Rehabilitaci\u00f3n de edificios en Eibar y alrededores - ARKIGREEN\" \/>\n<meta property=\"og:description\" content=\"Somos un estudio de arquitectura de Eibar que realiza rehabilitaci\u00f3n en edificios de todo tipo, reformando fachadas, cubiertas y la eficiencia de las mismas.\" \/>\n<meta property=\"og:url\" content=\"https:\/\/arkigreen.eus\/es\/servicios\/rehabilitacion-de-edificios\/\" \/>\n<meta property=\"og:site_name\" content=\"Arkigreen\" \/>\n<meta property=\"article:modified_time\" content=\"2019-02-22T17:32:34+00:00\" \/>\n<meta name=\"twitter:card\" content=\"summary_large_image\" \/>\n<meta name=\"twitter:label1\" content=\"Tiempo de lectura\" \/>\n\t<meta name=\"twitter:data1\" content=\"2 minutos\" \/>\n<script type=\"application\/ld+json\" class=\"yoast-schema-graph\">{\"@context\":\"https:\\\/\\\/schema.org\",\"@graph\":[{\"@type\":\"WebPage\",\"@id\":\"https:\\\/\\\/arkigreen.eus\\\/es\\\/servicios\\\/rehabilitacion-de-edificios\\\/\",\"url\":\"https:\\\/\\\/arkigreen.eus\\\/es\\\/servicios\\\/rehabilitacion-de-edificios\\\/\",\"name\":\"Rehabilitaci\u00f3n de edificios en Eibar y alrededores - ARKIGREEN\",\"isPartOf\":{\"@id\":\"https:\\\/\\\/arkigreen.eus\\\/#website\"},\"datePublished\":\"2018-05-05T07:57:22+00:00\",\"dateModified\":\"2019-02-22T17:32:34+00:00\",\"description\":\"Somos un estudio de arquitectura de Eibar que realiza rehabilitaci\u00f3n en edificios de todo tipo, reformando fachadas, cubiertas y la eficiencia de las mismas.\",\"breadcrumb\":{\"@id\":\"https:\\\/\\\/arkigreen.eus\\\/es\\\/servicios\\\/rehabilitacion-de-edificios\\\/#breadcrumb\"},\"inLanguage\":\"es\",\"potentialAction\":[{\"@type\":\"ReadAction\",\"target\":[\"https:\\\/\\\/arkigreen.eus\\\/es\\\/servicios\\\/rehabilitacion-de-edificios\\\/\"]}]},{\"@type\":\"BreadcrumbList\",\"@id\":\"https:\\\/\\\/arkigreen.eus\\\/es\\\/servicios\\\/rehabilitacion-de-edificios\\\/#breadcrumb\",\"itemListElement\":[{\"@type\":\"ListItem\",\"position\":1,\"name\":\"Portada\",\"item\":\"https:\\\/\\\/arkigreen.eus\\\/es\\\/\"},{\"@type\":\"ListItem\",\"position\":2,\"name\":\"Servicios\",\"item\":\"https:\\\/\\\/arkigreen.eus\\\/es\\\/servicios\\\/\"},{\"@type\":\"ListItem\",\"position\":3,\"name\":\"Rehabilitaci\u00f3n de edificios\"}]},{\"@type\":\"WebSite\",\"@id\":\"https:\\\/\\\/arkigreen.eus\\\/#website\",\"url\":\"https:\\\/\\\/arkigreen.eus\\\/\",\"name\":\"Arkigreen\",\"description\":\"Arkitektura eraginkorra \\\/ Arquitectura eficiente\",\"potentialAction\":[{\"@type\":\"SearchAction\",\"target\":{\"@type\":\"EntryPoint\",\"urlTemplate\":\"https:\\\/\\\/arkigreen.eus\\\/?s={search_term_string}\"},\"query-input\":{\"@type\":\"PropertyValueSpecification\",\"valueRequired\":true,\"valueName\":\"search_term_string\"}}],\"inLanguage\":\"es\"}]}<\/script>\n<!-- \/ Yoast SEO plugin. -->","yoast_head_json":{"title":"Rehabilitaci\u00f3n de edificios en Eibar y alrededores - ARKIGREEN","description":"Somos un estudio de arquitectura de Eibar que realiza rehabilitaci\u00f3n en edificios de todo tipo, reformando fachadas, cubiertas y la eficiencia de las mismas.","robots":{"index":"index","follow":"follow","max-snippet":"max-snippet:-1","max-image-preview":"max-image-preview:large","max-video-preview":"max-video-preview:-1"},"canonical":"https:\/\/arkigreen.eus\/es\/servicios\/rehabilitacion-de-edificios\/","og_locale":"es_ES","og_type":"article","og_title":"Rehabilitaci\u00f3n de edificios en Eibar y alrededores - ARKIGREEN","og_description":"Somos un estudio de arquitectura de Eibar que realiza rehabilitaci\u00f3n en edificios de todo tipo, reformando fachadas, cubiertas y la eficiencia de las mismas.","og_url":"https:\/\/arkigreen.eus\/es\/servicios\/rehabilitacion-de-edificios\/","og_site_name":"Arkigreen","article_modified_time":"2019-02-22T17:32:34+00:00","twitter_card":"summary_large_image","twitter_misc":{"Tiempo de lectura":"2 minutos"},"schema":{"@context":"https:\/\/schema.org","@graph":[{"@type":"WebPage","@id":"https:\/\/arkigreen.eus\/es\/servicios\/rehabilitacion-de-edificios\/","url":"https:\/\/arkigreen.eus\/es\/servicios\/rehabilitacion-de-edificios\/","name":"Rehabilitaci\u00f3n de edificios en Eibar y alrededores - ARKIGREEN","isPartOf":{"@id":"https:\/\/arkigreen.eus\/#website"},"datePublished":"2018-05-05T07:57:22+00:00","dateModified":"2019-02-22T17:32:34+00:00","description":"Somos un estudio de arquitectura de Eibar que realiza rehabilitaci\u00f3n en edificios de todo tipo, reformando fachadas, cubiertas y la eficiencia de las mismas.","breadcrumb":{"@id":"https:\/\/arkigreen.eus\/es\/servicios\/rehabilitacion-de-edificios\/#breadcrumb"},"inLanguage":"es","potentialAction":[{"@type":"ReadAction","target":["https:\/\/arkigreen.eus\/es\/servicios\/rehabilitacion-de-edificios\/"]}]},{"@type":"BreadcrumbList","@id":"https:\/\/arkigreen.eus\/es\/servicios\/rehabilitacion-de-edificios\/#breadcrumb","itemListElement":[{"@type":"ListItem","position":1,"name":"Portada","item":"https:\/\/arkigreen.eus\/es\/"},{"@type":"ListItem","position":2,"name":"Servicios","item":"https:\/\/arkigreen.eus\/es\/servicios\/"},{"@type":"ListItem","position":3,"name":"Rehabilitaci\u00f3n de edificios"}]},{"@type":"WebSite","@id":"https:\/\/arkigreen.eus\/#website","url":"https:\/\/arkigreen.eus\/","name":"Arkigreen","description":"Arkitektura eraginkorra \/ Arquitectura eficiente","potentialAction":[{"@type":"SearchAction","target":{"@type":"EntryPoint","urlTemplate":"https:\/\/arkigreen.eus\/?s={search_term_string}"},"query-input":{"@type":"PropertyValueSpecification","valueRequired":true,"valueName":"search_term_string"}}],"inLanguage":"es"}]}},"_links":{"self":[{"href":"https:\/\/arkigreen.eus\/es\/wp-json\/wp\/v2\/pages\/11520","targetHints":{"allow":["GET"]}}],"collection":[{"href":"https:\/\/arkigreen.eus\/es\/wp-json\/wp\/v2\/pages"}],"about":[{"href":"https:\/\/arkigreen.eus\/es\/wp-json\/wp\/v2\/types\/page"}],"author":[{"embeddable":true,"href":"https:\/\/arkigreen.eus\/es\/wp-json\/wp\/v2\/users\/1"}],"replies":[{"embeddable":true,"href":"https:\/\/arkigreen.eus\/es\/wp-json\/wp\/v2\/comments?post=11520"}],"version-history":[{"count":12,"href":"https:\/\/arkigreen.eus\/es\/wp-json\/wp\/v2\/pages\/11520\/revisions"}],"predecessor-version":[{"id":12443,"href":"https:\/\/arkigreen.eus\/es\/wp-json\/wp\/v2\/pages\/11520\/revisions\/12443"}],"up":[{"embeddable":true,"href":"https:\/\/arkigreen.eus\/es\/wp-json\/wp\/v2\/pages\/11505"}],"wp:attachment":[{"href":"https:\/\/arkigreen.eus\/es\/wp-json\/wp\/v2\/media?parent=11520"}],"curies":[{"name":"wp","href":"https:\/\/api.w.org\/{rel}","templated":true}]}}